{"id":3359,"date":"2015-03-19T17:54:23","date_gmt":"2015-03-19T17:54:23","guid":{"rendered":"http:\/\/demo-content.kaliumtheme.com\/main\/?page_id=3359"},"modified":"2021-04-20T10:16:57","modified_gmt":"2021-04-20T10:16:57","slug":"home","status":"publish","type":"page","link":"https:\/\/www.sfius.org\/en\/home\/","title":{"rendered":"Home"},"content":{"rendered":"<div class=\"wpb-content-wrapper\"><div class=\"vc-row-container vc-row-container--stretch-content-no-spaces\"><div data-vc-full-width=\"true\" data-vc-full-width-init=\"false\" data-vc-stretch-content=\"true\" class=\"vc_row wpb_row vc_row-fluid vc_row-no-padding\"><div class=\"wpb_column vc_column_container vc_col-sm-12\"><div class=\"vc_column-inner\"><div class=\"wpb_wrapper\">[rev_slider alias=&#8221;homepage&#8221;]<div class=\"vc_empty_space\"   style=\"height: 100px\"><span class=\"vc_empty_space_inner\"><\/span><\/div>\n\t<div class=\"wpb_text_column wpb_content_element vc_custom_1618583702484 post-formatting\" >\n\t\t<div class=\"wpb_wrapper\">\n\t\t\t<p><strong>SF:ius<\/strong>\u00a0je osnovan sa ciljem interdisciplinarnog istra\u017eivanja, analize i davanja glasa zanimljivim neispri\u010danim pri\u010dama sa socijalnog ruba oslanjaju\u0107i se na umjetni\u010dki, zagovara\u010dki i aktivisti\u010dki rad.<br \/>\nThematically and substantively, the programs follow current problems in the field of philosophy, artistic practices and art theory, memory studies, history, politics, and social theory. The programs rely on scientific research, artistic, advocacy, and activist work.<\/p>\n<p>Svrha SF:ius-a je promoviranje i unaprije\u0111enje ravnopravnosti, egalitarne distribucije mo\u0107i, jednakih mogu\u0107nosti, odr\u017eivih budu\u0107nosti, socijalne pravde i inovativnih rje\u0161enja dru\u0161tvenih tenzija.<\/p>\n\n\t\t<\/div>\n\t<\/div>\n<\/div><\/div><\/div><\/div><div class=\"vc_row-full-width vc_clearfix\"><\/div><\/div><div class=\"vc-row-container container\"><div class=\"vc_row wpb_row vc_row-fluid vc_column-gap-35\"><div class=\"wpb_column vc_column_container vc_col-sm-8\"><div class=\"vc_column-inner\"><div class=\"wpb_wrapper\"><div class=\"vc_empty_space\"   style=\"height: 100px\"><span class=\"vc_empty_space_inner\"><\/span><\/div>    <div id=\"blogposts-146369f2dfcb133d0\"\n         class=\"row lab-blog-posts cols-1 posts-layout-left display-loading\"  data-masonry-mode=\"masonry\">\n\n\t\t<div class=\"blog-post-column\">                <div class=\"blog-post-entry post-7169 post type-post status-publish format-standard has-post-thumbnail hentry category-istrazivanja category-izlozbe category-razno tag-istarska-nekropedija tag-nekropedija tag-price-s-ruba tag-sara-jakupec\">\n\t\t\t\t\t                            <div class=\"blog-post-image\">\n                                <a href=\"https:\/\/www.sfius.org\/en\/price-s-ruba-nekropedija\/\" target=\"\" rel=\"bookmark\">\n\n\t\t\t\t\t\t\t\t\t<span class=\"image-placeholder\" style=\"padding-bottom:62.50000000%\"><img class=\"img-responsive  img-1 lazyload\" width=\"400\" height=\"250\" alt=\"Screenshot\" title=\"Screenshot\" loading=\"lazy\" data-src=\"https:\/\/www.sfius.org\/wp-content\/uploads\/2025\/12\/Screenshot-2025-12-29-at-15.22.41-e1767019682967-400x250.jpg\" \/><\/span>\n                                    <span class=\"hover-display\">\n\t\t\t\t\t\t\t\t\t                                        <i class=\"icon-basic-link\"><\/i>\n\t\t\t\t\t\t\t\t\t\t\t\t\t\t\t\t\t<\/span>\n                                <\/a>\n                            <\/div>\n\t\t\t\t\t\t\t                    <div class=\"blog-post-content-container\">\n\n\t\t\t\t\t\t\n                        <h3 class=\"blog-post-title\">\n                            <a href=\"https:\/\/www.sfius.org\/en\/price-s-ruba-nekropedija\/\" target=\"\" rel=\"bookmark\">Pri\u010de s ruba: Nekropedija<\/a>\n                        <\/h3>\n\n\t\t\t\t\t\t                            <div class=\"blog-post-excerpt\">\n\t\t\t\t\t\t\t\t<p>U knji\u017eevnom klubu&nbsp;Booksa&nbsp;odr\u017eano je predavanje&nbsp;Pri\u010de s ruba: Nekropedija&nbsp;autorice&nbsp;Sare Jakupec, gdje je predstavila viziju o\u010duvanja zaboravljenih \u017eivota koja po\u010dinje&hellip;<\/p>\n                            <\/div>\n\t\t\t\t\t\t\n                        \n                    <\/div>\n\t\t\t\t\t                <\/div>\n\t\t\t\t<\/div><div class=\"blog-post-column\">                <div class=\"blog-post-entry post-7154 post type-post status-publish format-standard has-post-thumbnail hentry category-istrazivanja category-mreze_partnerstva category-radionice category-razno\">\n\t\t\t\t\t                            <div class=\"blog-post-image\">\n                                <a href=\"https:\/\/www.sfius.org\/en\/izvan-kolonija-unutar-imperija-juznoslavenski-akteri-u-imperijalnom-polju-moci\/\" target=\"\" rel=\"bookmark\">\n\n\t\t\t\t\t\t\t\t\t<span class=\"image-placeholder\" style=\"padding-bottom:62.50000000%\"><img class=\"img-responsive  img-2 lazyload\" width=\"400\" height=\"250\" alt=\"Predavanje Augustincic_digitalna pozivnica\" title=\"Predavanje Augustincic_digitalna pozivnica\" loading=\"lazy\" data-src=\"https:\/\/www.sfius.org\/wp-content\/uploads\/2025\/12\/Predavanje-Augustincic_digitalna-pozivnica-1-e1765279765904-400x250.jpg\" \/><\/span>\n                                    <span class=\"hover-display\">\n\t\t\t\t\t\t\t\t\t                                        <i class=\"icon-basic-link\"><\/i>\n\t\t\t\t\t\t\t\t\t\t\t\t\t\t\t\t\t<\/span>\n                                <\/a>\n                            <\/div>\n\t\t\t\t\t\t\t                    <div class=\"blog-post-content-container\">\n\n\t\t\t\t\t\t\n                        <h3 class=\"blog-post-title\">\n                            <a href=\"https:\/\/www.sfius.org\/en\/izvan-kolonija-unutar-imperija-juznoslavenski-akteri-u-imperijalnom-polju-moci\/\" target=\"\" rel=\"bookmark\">Izvan kolonija, unutar imperija: ju\u017enoslavenski akteri u imperijalnom polju mo\u0107i<\/a>\n                        <\/h3>\n\n\t\t\t\t\t\t                            <div class=\"blog-post-excerpt\">\n\t\t\t\t\t\t\t\t<p>SFIUS i Muzeji grada Karlovca\u00a0pozivaju na predavanje\u00a0Tomislava Augustini\u0107a, karlova\u010dkog gimnazijalca i asistenta na\u00a0Odjelu za etnologiju i antropologiju Sveu\u010dili\u0161ta&hellip;<\/p>\n                            <\/div>\n\t\t\t\t\t\t\n                        \n                    <\/div>\n\t\t\t\t\t                <\/div>\n\t\t\t\t<\/div><div class=\"blog-post-column\">                <div class=\"blog-post-entry post-7116 post type-post status-publish format-standard has-post-thumbnail hentry category-publikacije category-razno tag-fanzine tag-zine\">\n\t\t\t\t\t                            <div class=\"blog-post-image\">\n                                <a href=\"https:\/\/www.sfius.org\/en\/chartreuse-zine\/\" target=\"\" rel=\"bookmark\">\n\n\t\t\t\t\t\t\t\t\t<span class=\"image-placeholder\" style=\"padding-bottom:62.50000000%\"><img class=\"img-responsive  img-3 lazyload\" width=\"400\" height=\"250\" alt=\"Screenshot\" title=\"Screenshot\" loading=\"lazy\" data-src=\"https:\/\/www.sfius.org\/wp-content\/uploads\/2025\/11\/zine-2025-scaled-400x250.jpg\" \/><\/span>\n                                    <span class=\"hover-display\">\n\t\t\t\t\t\t\t\t\t                                        <i class=\"icon-basic-link\"><\/i>\n\t\t\t\t\t\t\t\t\t\t\t\t\t\t\t\t\t<\/span>\n                                <\/a>\n                            <\/div>\n\t\t\t\t\t\t\t                    <div class=\"blog-post-content-container\">\n\n\t\t\t\t\t\t\n                        <h3 class=\"blog-post-title\">\n                            <a href=\"https:\/\/www.sfius.org\/en\/chartreuse-zine\/\" target=\"\" rel=\"bookmark\">CHARTREUSE ZINE<\/a>\n                        <\/h3>\n\n\t\t\t\t\t\t                            <div class=\"blog-post-excerpt\">\n\t\t\t\t\t\t\t\t<p>Program \u201cCHARTREUSE ZINE\u201d serija je diseminacijskih\/izdava\u010dkih aktivnosti nastavno na praksu izdavanja brzih publikacija (fanzina) kratke forme i sadr\u017eaja,&hellip;<\/p>\n                            <\/div>\n\t\t\t\t\t\t\n                        \n                    <\/div>\n\t\t\t\t\t                <\/div>\n\t\t\t\t<\/div><div class=\"blog-post-column\">                <div class=\"blog-post-entry post-7098 post type-post status-publish format-standard has-post-thumbnail hentry category-publikacije tag-dario-vuger tag-introducing-nostalgia-movements\">\n\t\t\t\t\t                            <div class=\"blog-post-image\">\n                                <a href=\"https:\/\/www.sfius.org\/en\/predstavljanje-zbornika-introducing-nostalgia-movements-na-sveucilistu-u-osaki\/\" target=\"\" rel=\"bookmark\">\n\n\t\t\t\t\t\t\t\t\t<span class=\"image-placeholder\" style=\"padding-bottom:62.50000000%\"><img class=\"img-responsive  img-4 lazyload\" width=\"400\" height=\"250\" alt=\"Eksterijer paviljona Natureverse, Svjetska izlo\u017eba Osaka Kansai 2025\" title=\"Natureverse Pavilion exterior, Osaka Kansai Expo 2025\" loading=\"lazy\" data-src=\"https:\/\/www.sfius.org\/wp-content\/uploads\/2025\/07\/AD_4nXewyhz5VpLD7GZYuE7XWyMiBgBwdfmPsWrRwtT814KQVqvlUITxJ1PNMGBJBw7twp7mfdfZuZg4GDyMhXsFve7lEkBgFjQ_j8DMX_b-85hmnYQVFHSsqwRW_-400x250.jpg\" \/><\/span>\n                                    <span class=\"hover-display\">\n\t\t\t\t\t\t\t\t\t                                        <i class=\"icon-basic-link\"><\/i>\n\t\t\t\t\t\t\t\t\t\t\t\t\t\t\t\t\t<\/span>\n                                <\/a>\n                            <\/div>\n\t\t\t\t\t\t\t                    <div class=\"blog-post-content-container\">\n\n\t\t\t\t\t\t\n                        <h3 class=\"blog-post-title\">\n                            <a href=\"https:\/\/www.sfius.org\/en\/predstavljanje-zbornika-introducing-nostalgia-movements-na-sveucilistu-u-osaki\/\" target=\"\" rel=\"bookmark\">Introducing Nostalgia Movements at Osaka University<\/a>\n                        <\/h3>\n\n\t\t\t\t\t\t                            <div class=\"blog-post-excerpt\">\n\t\t\t\t\t\t\t\t<p>U sklopu dvodnevnog seminara pod nazivom Philosophy of Technology and Imagination, koji je u organizaciji Sveu\u010dili\u0161ta u Osaki&hellip;<\/p>\n                            <\/div>\n\t\t\t\t\t\t\n                        \n                    <\/div>\n\t\t\t\t\t                <\/div>\n\t\t\t\t<\/div><div class=\"blog-post-column\">                <div class=\"blog-post-entry post-6964 post type-post status-publish format-standard has-post-thumbnail hentry category-publikacije tag-book-design tag-center-for-visual-studies tag-dario-vuger tag-grafton-tanner tag-introducing-nostalgia-movements tag-layla-munitic-2 tag-mama tag-nostalgia-movements tag-publication tag-publication-design tag-sfius tag-vijesti\">\n\t\t\t\t\t                            <div class=\"blog-post-image\">\n                                <a href=\"https:\/\/www.sfius.org\/en\/publication-introducing-nostalgia-movements\/\" target=\"\" rel=\"bookmark\">\n\n\t\t\t\t\t\t\t\t\t<span class=\"image-placeholder\" style=\"padding-bottom:62.50000000%\"><img class=\"img-responsive  img-5 lazyload\" width=\"400\" height=\"250\" alt=\"Introducing Nostalgia Movements\" title=\"Introducing Nostalgia Movements\" loading=\"lazy\" data-src=\"https:\/\/www.sfius.org\/wp-content\/uploads\/2024\/09\/DIS-BUK-edited-400x250.png\" \/><\/span>\n                                    <span class=\"hover-display\">\n\t\t\t\t\t\t\t\t\t                                        <i class=\"icon-basic-link\"><\/i>\n\t\t\t\t\t\t\t\t\t\t\t\t\t\t\t\t\t<\/span>\n                                <\/a>\n                            <\/div>\n\t\t\t\t\t\t\t                    <div class=\"blog-post-content-container\">\n\n\t\t\t\t\t\t\n                        <h3 class=\"blog-post-title\">\n                            <a href=\"https:\/\/www.sfius.org\/en\/publication-introducing-nostalgia-movements\/\" target=\"\" rel=\"bookmark\">Introducing Nostalgia Movements<\/a>\n                        <\/h3>\n\n\t\t\t\t\t\t                            <div class=\"blog-post-excerpt\">\n\t\t\t\t\t\t\t\t<p>Following the successful interdisciplinary international conference\u00a0Nostalgia Movements, held on December 15-16, 2022, at the Multimedia Institute in Zagreb (MaMa) and online, SF:ius, in collaboration with the\u00a0Center for Visual Studies, has published an expanded volume of conference papers. Titled\u00a0Introducing Nostalgia Movements, this book has been edited by Dr. Dario Vuger, Curator at the Museum of Fine Arts in Osijek. The volume includes scientific contributions, interviews, essays, and reviews of artistic works and is available in open access for all interested readers and researchers.<\/p>\n                            <\/div>\n\t\t\t\t\t\t\n                        \n                    <\/div>\n\t\t\t\t\t                <\/div>\n\t\t\t\t<\/div><div class=\"blog-post-column\">                <div class=\"blog-post-entry post-6905 post type-post status-publish format-standard has-post-thumbnail hentry category-mreze_partnerstva tag-erasmus tag-ngo tag-participatory-skills-for-sustainable-urban-governance tag-ps-u-go tag-psugo tag-sfius-2 tag-sustainable-urban-governance tag-sustaniability tag-urban-living-labs\">\n\t\t\t\t\t                            <div class=\"blog-post-image\">\n                                <a href=\"https:\/\/www.sfius.org\/en\/ps-u-go-participatory-skills-for-sustainable-urban-governance\/\" target=\"\" rel=\"bookmark\">\n\n\t\t\t\t\t\t\t\t\t<span class=\"image-placeholder\" style=\"padding-bottom:52.50000000%\"><img class=\"img-responsive  img-6 lazyload\" width=\"400\" height=\"210\" alt=\"PS-U-GO project logo\" title=\"PS-U-GO project logo\" loading=\"lazy\" data-src=\"https:\/\/www.sfius.org\/wp-content\/uploads\/2024\/10\/logo-400x210.png\" \/><\/span>\n                                    <span class=\"hover-display\">\n\t\t\t\t\t\t\t\t\t                                        <i class=\"icon-basic-link\"><\/i>\n\t\t\t\t\t\t\t\t\t\t\t\t\t\t\t\t\t<\/span>\n                                <\/a>\n                            <\/div>\n\t\t\t\t\t\t\t                    <div class=\"blog-post-content-container\">\n\n\t\t\t\t\t\t\n                        <h3 class=\"blog-post-title\">\n                            <a href=\"https:\/\/www.sfius.org\/en\/ps-u-go-participatory-skills-for-sustainable-urban-governance\/\" target=\"\" rel=\"bookmark\">PS-U-GO: Participatory Skills for Sustainable Urban Governance<\/a>\n                        <\/h3>\n\n\t\t\t\t\t\t                            <div class=\"blog-post-excerpt\">\n\t\t\t\t\t\t\t\t<p>We are excited to announce the launch of PS-U-GO\u2014an innovative project aimed at addressing urban challenges through participatory&hellip;<\/p>\n                            <\/div>\n\t\t\t\t\t\t\n                        \n                    <\/div>\n\t\t\t\t\t                <\/div>\n\t\t\t\t<\/div><div class=\"blog-post-column\">                <div class=\"blog-post-entry post-6809 post type-post status-publish format-standard has-post-thumbnail hentry category-mreze_partnerstva tag-nacionalna-platforma tag-novi-narucitelji-hr tag-otvoreni-likovni-pogon\">\n\t\t\t\t\t                            <div class=\"blog-post-image\">\n                                <a href=\"https:\/\/www.sfius.org\/en\/sfius-je-postao-novi-clan-nacionalne-platforme-novi-narucitelji-hr\/\" target=\"\" rel=\"bookmark\">\n\n\t\t\t\t\t\t\t\t\t<span class=\"image-placeholder\" style=\"padding-bottom:62.50000000%\"><img class=\"img-responsive  img-7 lazyload\" width=\"400\" height=\"250\" alt=\"naslovnica_page-0001_\" title=\"naslovnica_page-0001_\" loading=\"lazy\" data-src=\"https:\/\/www.sfius.org\/wp-content\/uploads\/2023\/12\/naslovnica_page-0001_-e1702567752449-400x250.jpg\" \/><\/span>\n                                    <span class=\"hover-display\">\n\t\t\t\t\t\t\t\t\t                                        <i class=\"icon-basic-link\"><\/i>\n\t\t\t\t\t\t\t\t\t\t\t\t\t\t\t\t\t<\/span>\n                                <\/a>\n                            <\/div>\n\t\t\t\t\t\t\t                    <div class=\"blog-post-content-container\">\n\n\t\t\t\t\t\t\n                        <h3 class=\"blog-post-title\">\n                            <a href=\"https:\/\/www.sfius.org\/en\/sfius-je-postao-novi-clan-nacionalne-platforme-novi-narucitelji-hr\/\" target=\"\" rel=\"bookmark\">The SF:ius Association is a new member of the national platform \"New Commissioners\".<\/a>\n                        <\/h3>\n\n\t\t\t\t\t\t                            <div class=\"blog-post-excerpt\">\n\t\t\t\t\t\t\t\t<p>The New Commissioners platform, launched in January 2023, brings together 24 artistic organizations from across Croatia. It focuses on promoting art in public spaces through a citizen-commissioning model, where local residents actively participate in the creation of artistic programs. Through a series of online meetings and symposiums, the platform develops the internationally recognized Fran\u00e7ois Hers model, aiming to adapt and implement it in Croatia. <\/p>\n                            <\/div>\n\t\t\t\t\t\t\n                        \n                    <\/div>\n\t\t\t\t\t                <\/div>\n\t\t\t\t<\/div><div class=\"blog-post-column\">                <div class=\"blog-post-entry post-6711 post type-post status-publish format-standard has-post-thumbnail hentry category-istrazivanja category-mreze_partnerstva category-razno tag-ana-maria-pacetti tag-drustvena-dinamika tag-drustveni-utjecaj tag-ecological-urbanism tag-economic-sustainability tag-ekoloski-urbanizam tag-ekonomska-odrzivost tag-field-studies tag-gradski-razvoj tag-inovativne-metodologije tag-internship tag-istrazivanje-urbanog-razvoja tag-kaebup tag-kaebup-project tag-kaebup-projekt tag-local-community tag-lokalna-zajednica tag-marios-tsangaris tag-multidisciplinarno-poucavanje tag-multidisciplinary-teaching tag-nvo tag-obrazovanje tag-odrzivi-gradovi tag-situacionisticka-internacionala tag-situationist-international tag-social-aspects-of-urbanism tag-social-dynamics tag-socijalna-inkluzija tag-socijalni-aspekti-urbanizma tag-student-research tag-studentska-istrazivanja tag-studentsko-iskustvo tag-studije-slucaja tag-suradnja tag-sustainable-cities tag-sveuciliste tag-terenska-istrazivanja tag-unitarni-urbanizam tag-unitary-urbanism tag-urban-analysis tag-urban-challenges tag-urban-design tag-urban-development-research tag-urban-methodologies tag-urban-practice tag-urban-publications tag-urbana-analiza tag-urbanisticka-analiza tag-urbanisticka-istrazivanja tag-urbanisticka-praksa tag-urbanisticka-stvarnost-urban-planning tag-urbanisticke-metodologije tag-urbanisticke-publikacije tag-urbanisticki-dizajn tag-urbanisticki-izazovi tag-urbanisticki-razvoj tag-urbanisticko-planiranje tag-zagreb\">\n\t\t\t\t\t                            <div class=\"blog-post-image\">\n                                <a href=\"https:\/\/www.sfius.org\/en\/kaebup-zavrsena-studentska-praksa-u-sfius-u\/\" target=\"\" rel=\"bookmark\">\n\n\t\t\t\t\t\t\t\t\t<span class=\"image-placeholder\" style=\"padding-bottom:62.50000000%\"><img class=\"img-responsive  img-8 lazyload\" width=\"400\" height=\"250\" alt=\"IMG_8201_result\" title=\"IMG_8201_result\" loading=\"lazy\" data-src=\"https:\/\/www.sfius.org\/wp-content\/uploads\/2023\/10\/IMG_8201_result-400x250.jpg\" \/><\/span>\n                                    <span class=\"hover-display\">\n\t\t\t\t\t\t\t\t\t                                        <i class=\"icon-basic-link\"><\/i>\n\t\t\t\t\t\t\t\t\t\t\t\t\t\t\t\t\t<\/span>\n                                <\/a>\n                            <\/div>\n\t\t\t\t\t\t\t                    <div class=\"blog-post-content-container\">\n\n\t\t\t\t\t\t\n                        <h3 class=\"blog-post-title\">\n                            <a href=\"https:\/\/www.sfius.org\/en\/kaebup-zavrsena-studentska-praksa-u-sfius-u\/\" target=\"\" rel=\"bookmark\">KAEBUP: Completed student internship at SF:ius<\/a>\n                        <\/h3>\n\n\t\t\t\t\t\t                            <div class=\"blog-post-excerpt\">\n\t\t\t\t\t\t\t\t<p>U okviru projekta The Knowledge Alliance for Evidence-Based Urban Practices (KAEBUP), SF:ius je kao partnerska organizacija ugostio Anu&hellip;<\/p>\n                            <\/div>\n\t\t\t\t\t\t\n                        \n                    <\/div>\n\t\t\t\t\t                <\/div>\n\t\t\t\t<\/div><div class=\"blog-post-column\">                <div class=\"blog-post-entry post-6494 post type-post status-publish format-standard has-post-thumbnail hentry category-izlozbe tag-ante-brkan tag-ante-orlovic tag-dafne-berc tag-dario-vuger tag-dino-belamaric tag-izlozba tag-jadra-neostvarena-tvornica tag-jadral tag-ministarstvo-kulture-i-medija-rh tag-narodni-muzej-zadar tag-neostvarena-tvornica tag-obrovac tag-sfius tag-tvornica-jadral tag-vjeran-vukasinovic tag-zadar tag-zaklada-kultura-nova\">\n\t\t\t\t\t                            <div class=\"blog-post-image\">\n                                <a href=\"https:\/\/www.sfius.org\/en\/odrzana-izlozba-jadral-neostvarena-tvornica\/\" target=\"\" rel=\"bookmark\">\n\n\t\t\t\t\t\t\t\t\t<span class=\"image-placeholder\" style=\"padding-bottom:62.50000000%\"><img class=\"img-responsive  img-9 lazyload\" width=\"400\" height=\"250\" alt=\"IMG_7021-1\" title=\"IMG_7021-1\" loading=\"lazy\" data-src=\"https:\/\/www.sfius.org\/wp-content\/uploads\/2023\/01\/IMG_7021-1-scaled-400x250.jpeg\" \/><\/span>\n                                    <span class=\"hover-display\">\n\t\t\t\t\t\t\t\t\t                                        <i class=\"icon-basic-link\"><\/i>\n\t\t\t\t\t\t\t\t\t\t\t\t\t\t\t\t\t<\/span>\n                                <\/a>\n                            <\/div>\n\t\t\t\t\t\t\t                    <div class=\"blog-post-content-container\">\n\n\t\t\t\t\t\t\n                        <h3 class=\"blog-post-title\">\n                            <a href=\"https:\/\/www.sfius.org\/en\/odrzana-izlozba-jadral-neostvarena-tvornica\/\" target=\"\" rel=\"bookmark\">'Jadral: Unfulfilled Factory' Exhibition Opening<\/a>\n                        <\/h3>\n\n\t\t\t\t\t\t                            <div class=\"blog-post-excerpt\">\n\t\t\t\t\t\t\t\t<p>U Edukacijskoj dvorani Narodnog muzeja Zadar je &#8211; od 28.11. do 15.12. &#8211; odr\u017eana studijska izlo\u017eba pod nazivom&hellip;<\/p>\n                            <\/div>\n\t\t\t\t\t\t\n                        \n                    <\/div>\n\t\t\t\t\t                <\/div>\n\t\t\t\t<\/div><div class=\"blog-post-column\">                <div class=\"blog-post-entry post-6445 post type-post status-publish format-standard has-post-thumbnail hentry category-izlozbe category-publikacije category-razno tag-dafne-berc tag-dario-vuger tag-nostalgia-movements\">\n\t\t\t\t\t                            <div class=\"blog-post-image\">\n                                <a href=\"https:\/\/www.sfius.org\/en\/konferencija-pokreti-nostalgije\/\" target=\"\" rel=\"bookmark\">\n\n\t\t\t\t\t\t\t\t\t<span class=\"image-placeholder\" style=\"padding-bottom:62.50000000%\"><img class=\"img-responsive  img-10 lazyload\" width=\"400\" height=\"250\" alt=\"5\" title=\"5\" loading=\"lazy\" data-src=\"https:\/\/www.sfius.org\/wp-content\/uploads\/2022\/07\/5-e1671449711843-400x250.jpg\" \/><\/span>\n                                    <span class=\"hover-display\">\n\t\t\t\t\t\t\t\t\t                                        <i class=\"icon-basic-link\"><\/i>\n\t\t\t\t\t\t\t\t\t\t\t\t\t\t\t\t\t<\/span>\n                                <\/a>\n                            <\/div>\n\t\t\t\t\t\t\t                    <div class=\"blog-post-content-container\">\n\n\t\t\t\t\t\t\n                        <h3 class=\"blog-post-title\">\n                            <a href=\"https:\/\/www.sfius.org\/en\/konferencija-pokreti-nostalgije\/\" target=\"\" rel=\"bookmark\">Nostalgia Movements Conference<\/a>\n                        <\/h3>\n\n\t\t\t\t\t\t                            <div class=\"blog-post-excerpt\">\n\t\t\t\t\t\t\t\t<p>U \u010detvrtak i petak, 15.-16.12.2022. odr\u017eala se interdisciplinarna konferencija Pokreti Nostalgije \/ Nostalgia Movements u prostorima Multimedijalnog Instituta&hellip;<\/p>\n                            <\/div>\n\t\t\t\t\t\t\n                        \n                    <\/div>\n\t\t\t\t\t                <\/div>\n\t\t\t\t<\/div>\n    <\/div>\n\n\n\n    <div class=\"blog-posts-loading-message\">\n\t\tLoading blog posts...    <\/div>\n\t<\/div><\/div><\/div><div data-vc-parallax=\"1.5\" class=\"wpb_column vc_column_container vc_col-sm-4 vc_col-has-fill vc_general vc_parallax vc_parallax-content-moving\"><div class=\"vc_column-inner\"><div class=\"wpb_wrapper\"><div  class=\"wpb_widgetised_column wpb_content_element widget-area widget-area--skin-bordered\">\n\t\t<div class=\"wpb_wrapper\">\n\t\t\t\n\t\t\t<div id=\"text-13\" class=\"widget widget_text\">\t\t\t<div class=\"textwidget\"><div class=\"trp-shortcode-switcher__wrapper\"\n     style=\"--bg:#ffffff;--bg-hover:#0000000d;--text:#143852;--text-hover:#1d2327;--border:1px solid #1438521a;--border-width:1px;--border-color:#1438521a;--border-radius:5px;--flag-radius:2px;--flag-size:18px;--aspect-ratio:4\/3;--font-size:14px;--transition-duration:0.2s\"\n     role=\"group\"\n     data-open-mode=\"hover\"><\/p>\n<p>        <!-- ANCHOR (in-flow only; sizing\/borders; inert) --><\/p>\n<div class=\"trp-language-switcher trp-ls-dropdown trp-shortcode-switcher trp-shortcode-anchor trp-open-on-hover\"\n             aria-hidden=\"true\"\n             inert\n data-no-translation><\/p>\n<div class=\"trp-current-language-item__wrapper\">\n        <a class=\"trp-language-item trp-language-item__default trp-language-item__current\" data-no-translation href=\"https:\/\/www.sfius.org\/en\/wp-json\/wp\/v2\/pages\/3359\" title=\"EN\"><span class=\"trp-language-item-name\">EN<\/span><\/a>                    <svg class=\"trp-shortcode-arrow\" width=\"20\" height=\"20\" viewbox=\"0 0 20 21\" fill=\"none\" aria-hidden=\"true\" focusable=\"false\" xmlns=\"http:\/\/www.w3.org\/2000\/svg\">\n                <path d=\"M5 8L10 13L15 8\" stroke=\"var(--text)\" stroke-width=\"2\" stroke-linecap=\"round\" stroke-linejoin=\"round\"\/>\n            <\/svg>\n            <\/div><\/div>\n<p>        <!-- OVERLAY (positioned; interactive surface) --><\/p>\n<div class=\"trp-language-switcher trp-ls-dropdown trp-shortcode-switcher trp-shortcode-overlay trp-open-on-hover\"\n             role=\"navigation\"\n             aria-label=\"Website language selector\"\n             data-no-translation\n><\/p>\n<div class=\"trp-current-language-item__wrapper\">\n<div class=\"trp-language-item trp-language-item__default trp-language-item__current\" data-no-translation role=\"button\" aria-expanded=\"false\" tabindex=\"0\" aria-label=\"Change language\" aria-controls=\"trp-shortcode-dropdown-69f2dfcb46373\"><span class=\"trp-language-item-name\">EN<\/span><\/div>\n<p>                    <svg class=\"trp-shortcode-arrow\" width=\"20\" height=\"20\" viewbox=\"0 0 20 21\" fill=\"none\" aria-hidden=\"true\" focusable=\"false\" xmlns=\"http:\/\/www.w3.org\/2000\/svg\">\n                <path d=\"M5 8L10 13L15 8\" stroke=\"var(--text)\" stroke-width=\"2\" stroke-linecap=\"round\" stroke-linejoin=\"round\"\/>\n            <\/svg>\n            <\/div>\n<div class=\"trp-switcher-dropdown-list\"\n                 id=\"trp-shortcode-dropdown-69f2dfcb46373\"\n                 role=\"group\"\n                 aria-label=\"Available languages\"\n                 hidden\n inert\n><br \/>\n                                                            <a class=\"trp-language-item\" href=\"https:\/\/www.sfius.org\/en\/wp-json\/wp\/v2\/pages\/3359\" title=\"HR\"><br \/>\n                                                                                        <span class=\"trp-language-item-name\" data-no-translation>HR<\/span><br \/>\n                                                                                <\/a>\n                                                <\/div><\/div><\/div>\n<\/div>\n\t\t<\/div><div id=\"text-18\" class=\"widget widget_text\"><h2 class=\"widgettitle\">Get in touch.<\/h2>\n\t\t\t<div class=\"textwidget\"><p>Write us an e-mail or call us,<br \/>\ninfo@kalium.com<br \/>\n+1 (421) 102-551<\/p>\n<p>Facebook.<br \/>\nTwitter.<\/p>\n<\/div>\n\t\t<\/div>\n\t\t<\/div>\n\t<\/div>\n<\/div><\/div><\/div><\/div><\/div>\n<\/div>","protected":false},"excerpt":{"rendered":"On Thursday and Friday, December 15-16, 2022, the interdisciplinary conference 'Nostalgia Movements' took place at the premises of the Multimedia Institute and via the Zoom platform. Over the course of the two-day conference, sixteen presentations were held, including two plenary discussions. Participants from Croatia, Italy, Spain, Ecuador, Poland, Canada, the USA, and the Netherlands delivered lectures in a hybrid format combining on-site and online performances, accessible openly...","protected":false},"author":1,"featured_media":0,"parent":0,"menu_order":0,"comment_status":"open","ping_status":"open","template":"","meta":{"_acf_changed":false,"footnotes":""},"class_list":["post-3359","page","type-page","status-publish","hentry"],"acf":[],"_links":{"self":[{"href":"https:\/\/www.sfius.org\/en\/wp-json\/wp\/v2\/pages\/3359","targetHints":{"allow":["GET"]}}],"collection":[{"href":"https:\/\/www.sfius.org\/en\/wp-json\/wp\/v2\/pages"}],"about":[{"href":"https:\/\/www.sfius.org\/en\/wp-json\/wp\/v2\/types\/page"}],"author":[{"embeddable":true,"href":"https:\/\/www.sfius.org\/en\/wp-json\/wp\/v2\/users\/1"}],"replies":[{"embeddable":true,"href":"https:\/\/www.sfius.org\/en\/wp-json\/wp\/v2\/comments?post=3359"}],"version-history":[{"count":0,"href":"https:\/\/www.sfius.org\/en\/wp-json\/wp\/v2\/pages\/3359\/revisions"}],"wp:attachment":[{"href":"https:\/\/www.sfius.org\/en\/wp-json\/wp\/v2\/media?parent=3359"}],"curies":[{"name":"wp","href":"https:\/\/api.w.org\/{rel}","templated":true}]}}